{"id":8,"date":"2013-03-22T15:02:40","date_gmt":"2013-03-22T15:02:40","guid":{"rendered":"http:\/\/www.jugendumweltpark.de\/?page_id=8"},"modified":"2013-03-22T15:02:40","modified_gmt":"2013-03-22T15:02:40","slug":"offnungszeiten","status":"publish","type":"page","link":"https:\/\/www.jugendumweltpark.de\/?page_id=8","title":{"rendered":"\u00d6ffnungszeiten"},"content":{"rendered":"<p>Die Grundst\u00fccksgruppe trifft sich jeden Donnerstag von 16 bis 18 Uhr auf dem Gel\u00e4nde des JugendUmweltParks. Wenn das Wetter es zul\u00e4\u00dft, wird nat\u00fcrlich auf dem Gel\u00e4nde gearbeitet (z.B. an den Beeten oder im Gew\u00e4chshaus). Aber auch bei schlechtem Wetter sind wir auf dem Grundst\u00fcck. Wir haben f\u00fcr G\u00e4ste stets eine Tasse Tee \u00fcbrig um in gem\u00fctlicher Atmosph\u00e4re zu schnacken oder Aktuelles zu besprechen.<\/p>\n","protected":false},"excerpt":{"rendered":"<p>Die Grundst\u00fccksgruppe trifft sich jeden Donnerstag von 16 bis 18 Uhr auf dem Gel\u00e4nde des JugendUmweltParks. Wenn das Wetter es zul\u00e4\u00dft, wird nat\u00fcrlich auf dem Gel\u00e4nde gearbeitet (z.B. an den Beeten oder im Gew\u00e4chshaus). Aber auch bei schlechtem Wetter sind wir auf dem Grundst\u00fcck. Wir haben f\u00fcr G\u00e4ste stets eine Tasse Tee \u00fcbrig um in [&hellip;]<\/p>\n","protected":false},"author":2,"featured_media":0,"parent":0,"menu_order":0,"comment_status":"open","ping_status":"open","template":"","meta":{"footnotes":""},"class_list":["post-8","page","type-page","status-publish","hentry"],"_links":{"self":[{"href":"https:\/\/www.jugendumweltpark.de\/index.php?rest_route=\/wp\/v2\/pages\/8","targetHints":{"allow":["GET"]}}],"collection":[{"href":"https:\/\/www.jugendumweltpark.de\/index.php?rest_route=\/wp\/v2\/pages"}],"about":[{"href":"https:\/\/www.jugendumweltpark.de\/index.php?rest_route=\/wp\/v2\/types\/page"}],"author":[{"embeddable":true,"href":"https:\/\/www.jugendumweltpark.de\/index.php?rest_route=\/wp\/v2\/users\/2"}],"replies":[{"embeddable":true,"href":"https:\/\/www.jugendumweltpark.de\/index.php?rest_route=%2Fwp%2Fv2%2Fcomments&post=8"}],"version-history":[{"count":1,"href":"https:\/\/www.jugendumweltpark.de\/index.php?rest_route=\/wp\/v2\/pages\/8\/revisions"}],"predecessor-version":[{"id":9,"href":"https:\/\/www.jugendumweltpark.de\/index.php?rest_route=\/wp\/v2\/pages\/8\/revisions\/9"}],"wp:attachment":[{"href":"https:\/\/www.jugendumweltpark.de\/index.php?rest_route=%2Fwp%2Fv2%2Fmedia&parent=8"}],"curies":[{"name":"wp","href":"https:\/\/api.w.org\/{rel}","templated":true}]}}